{"version":"1.0","provider_name":"Funda\u00e7\u00e3o Gilberto Freyre","provider_url":"https:\/\/fgf.org.br\/loja","author_name":"Funda\u00e7\u00e3o Gilberto Freyre","author_url":"https:\/\/fgf.org.br\/loja\/autor\/master\/","title":"Fachadas e Estigmas - Funda\u00e7\u00e3o Gilberto Freyre","type":"rich","width":600,"height":338,"html":"<blockquote class=\"wp-embedded-content\" data-secret=\"iHOBvHqObf\"><a href=\"https:\/\/fgf.org.br\/loja\/produto\/fachadaseestigmas\/\">Fachadas e Estigmas<\/a><\/blockquote><iframe sandbox=\"allow-scripts\" security=\"restricted\" src=\"https:\/\/fgf.org.br\/loja\/produto\/fachadaseestigmas\/embed\/#?secret=iHOBvHqObf\" width=\"600\" height=\"338\" title=\"&#8220;Fachadas e Estigmas&#8221; &#8212; Funda\u00e7\u00e3o Gilberto Freyre\" data-secret=\"iHOBvHqObf\" frameborder=\"0\" marginwidth=\"0\" marginheight=\"0\" scrolling=\"no\" class=\"wp-embedded-content\"><\/iframe><script>\n\/*! This file is auto-generated *\/\n!function(d,l){\"use strict\";l.querySelector&&d.addEventListener&&\"undefined\"!=typeof URL&&(d.wp=d.wp||{},d.wp.receiveEmbedMessage||(d.wp.receiveEmbedMessage=function(e){var t=e.data;if((t||t.secret||t.message||t.value)&&!\/[^a-zA-Z0-9]\/.test(t.secret)){for(var s,r,n,a=l.querySelectorAll('iframe[data-secret=\"'+t.secret+'\"]'),o=l.querySelectorAll('blockquote[data-secret=\"'+t.secret+'\"]'),c=new RegExp(\"^https?:$\",\"i\"),i=0;i<o.length;i++)o[i].style.display=\"none\";for(i=0;i<a.length;i++)s=a[i],e.source===s.contentWindow&&(s.removeAttribute(\"style\"),\"height\"===t.message?(1e3<(r=parseInt(t.value,10))?r=1e3:~~r<200&&(r=200),s.height=r):\"link\"===t.message&&(r=new URL(s.getAttribute(\"src\")),n=new URL(t.value),c.test(n.protocol))&&n.host===r.host&&l.activeElement===s&&(d.top.location.href=t.value))}},d.addEventListener(\"message\",d.wp.receiveEmbedMessage,!1),l.addEventListener(\"DOMContentLoaded\",function(){for(var e,t,s=l.querySelectorAll(\"iframe.wp-embedded-content\"),r=0;r<s.length;r++)(t=(e=s[r]).getAttribute(\"data-secret\"))||(t=Math.random().toString(36).substring(2,12),e.src+=\"#?secret=\"+t,e.setAttribute(\"data-secret\",t)),e.contentWindow.postMessage({message:\"ready\",secret:t},\"*\")},!1)))}(window,document);\n\/\/# sourceURL=https:\/\/fgf.org.br\/loja\/wp-includes\/js\/wp-embed.min.js\n<\/script>\n","thumbnail_url":"https:\/\/fgf.org.br\/loja\/wp-content\/uploads\/2025\/03\/fachadas-e-estigmas.png","thumbnail_width":1080,"thumbnail_height":1080,"description":"Com uma abordagem inovadora, Ulisses do Valle revisita os conceitos de Freyre sobre moderniza\u00e7\u00e3o, paternalismo e autoritarismo para demonstrar como eles continuam a influenciar a din\u00e2mica social e pol\u00edtica do pa\u00eds. Partindo de marcos hist\u00f3ricos fundamentais, como a vinda da fam\u00edlia real portuguesa (1808), a Aboli\u00e7\u00e3o da Escravatura (1888) e a Proclama\u00e7\u00e3o da Rep\u00fablica (1889), o autor tra\u00e7a um panorama das transforma\u00e7\u00f5es estruturais que moldaram a na\u00e7\u00e3o. O livro tamb\u00e9m investiga a maneira como ideologias pol\u00edticas contempor\u00e2neas continuam a mobilizar discursos baseados em crit\u00e9rios de status, g\u00eanero e gera\u00e7\u00e3o, refor\u00e7ando estruturas hier\u00e1rquicas profundamente enraizadas na hist\u00f3ria do pa\u00eds. Dessa forma,O livro tamb\u00e9m investiga a maneira como ideologias pol\u00edticas contempor\u00e2neas continuam a mobilizar discursos baseados em crit\u00e9rios de status, g\u00eanero e gera\u00e7\u00e3o, refor\u00e7ando estruturas hier\u00e1rquicas profundamente enraizadas na hist\u00f3ria do pa\u00eds. Dessa forma,Fachadas e estigmasn\u00e3o apenas ilumina o passado, mas tamb\u00e9m lan\u00e7a luz sobre os desafios do presente."}